{"id":19,"date":"2015-01-09T21:09:11","date_gmt":"2015-01-09T21:09:11","guid":{"rendered":"http:\/\/www.psicologiasexologiamallorca.com\/?page_id=19"},"modified":"2024-11-12T08:19:39","modified_gmt":"2024-11-12T08:19:39","slug":"quienes-somos","status":"publish","type":"page","link":"https:\/\/psicologiainfantilmallorca.com\/english\/quienes-somos\/","title":{"rendered":"About us"},"content":{"rendered":"<div id=\"pl-19\" class=\"panel-layout\">\n<div id=\"pg-19-0\" class=\"panel-grid panel-no-style\">\n<div id=\"pgc-19-0-0\" class=\"panel-grid-cell\" data-weight=\"1\">\n<div id=\"panel-19-0-0-0\" class=\"so-panel widget widget_sow-editor panel-first-child panel-last-child\" data-index=\"0\" data-style=\"{&quot;background_image_attachment&quot;:false,&quot;background_display&quot;:&quot;tile&quot;}\">\n<div class=\"so-widget-sow-editor so-widget-sow-editor-base\">\n<div class=\"siteorigin-widget-tinymce textwidget\">\n<p style=\"text-align: justify;\"><span style=\"color: #99cc00;\"><strong>Psicolog\u00eda Infanto-Juvenil Mallorca <\/strong><\/span>is the department of psychological care for children and adolescents belonging to the Instituto <strong>Psicolog\u00eda Infanto-Juvenil Mallorca<\/strong>. This department was created to respond to the needs of this population and build their psychological well-being from the earliest stages.<\/p>\n<p style=\"text-align: justify;\">At <span style=\"color: #99cc00;\"><strong>Psicolog\u00eda Infanto-Juvenil Mallorca <\/strong><\/span>we know that the family is the basic system on which we build our identity and our psychological health, and we want to be able to help you to overcome any difficulties that may exist. For this reason, we offer qualification and experience in the assessment, diagnosis, and treatment of a wide variety of psychological problems or disorders in children and adolescents. Our professionals are continuously training, and they are updated with the latest therapeutic innovations in this area. We work every day to guarantee a specialized attention, based on those treatments that have demonstrated their effectiveness.<\/p>\n<p>Welcome to <span style=\"color: #99cc00;\"><strong>Psicolog\u00eda Infanto-Juvenil Mallorca<\/strong><\/span>\u2026 we want to take care of you and the people you care about the most.<\/p>\n<p style=\"text-align: justify;\"><div class=\"su-spacer\" style=\"height:20px\"><\/div>\n<p><strong>Why choose Psicolog\u00eda Infanto-Juvenil Mallorca?<\/strong><\/p>\n<p>In addition to the above, at <span style=\"color: #99cc00;\">Psicolog\u00eda Infanto-Juvenil Mallorca <\/span>we want to provide the population with a specialized service on the topics in which we work and that you can find at <a href=\"\/english\/en-que-podemos-ayudarte\/\">How can we help you? <\/a>.<\/p>\n<p>We are specifically focused on psychological problems, learning difficulties and behavioural problems. We have decided to specialize on these topics so we can offer the best service. In this way, families who come to the centre have this guarantee of quality and commitment.<\/p>\n<\/div>\n<\/div>\n<\/div>\n<\/div>\n<\/div>\n<\/div>\n\n\n<div class=\"wp-block-columns is-layout-flex wp-container-core-columns-is-layout-9d6595d7 wp-block-columns-is-layout-flex\">\n<div class=\"wp-block-column is-vertically-aligned-center is-layout-flow wp-block-column-is-layout-flow\">\n<div class=\"wp-block-columns is-layout-flex wp-container-core-columns-is-layout-9d6595d7 wp-block-columns-is-layout-flex\">\n<div class=\"wp-block-column is-layout-flow wp-block-column-is-layout-flow\" style=\"flex-basis:100%\">\n<div class=\"wp-block-group\"><div class=\"wp-block-group__inner-container is-layout-flow wp-block-group-is-layout-flow\"><div class=\"filabotons\"><div class=\"section-teammember\"><div class=\"ourteam_col \"><div class=\"ourteam_thumb\"><a href=\"https:\/\/psicologiainfantilmallorca.com\/english\/our-team\/ainafiolveny\/\" title=\"Aina Fiol Veny\"><img loading=\"lazy\" decoding=\"async\" width=\"206\" height=\"275\" src=\"https:\/\/psicologiainfantilmallorca.com\/english\/wp-content\/uploads\/2019\/06\/foto_aina.jpg\" class=\"attachment-270x275 size-270x275 wp-post-image\" alt=\"\" srcset=\"https:\/\/psicologiainfantilmallorca.com\/english\/wp-content\/uploads\/2019\/06\/foto_aina.jpg 1500w, https:\/\/psicologiainfantilmallorca.com\/english\/wp-content\/uploads\/2019\/06\/foto_aina-225x300.jpg 225w, https:\/\/psicologiainfantilmallorca.com\/english\/wp-content\/uploads\/2019\/06\/foto_aina-768x1024.jpg 768w\" sizes=\"auto, (max-width: 206px) 100vw, 206px\" \/><\/a><\/div><div class=\"title_day_time\"><a href=\"https:\/\/psicologiainfantilmallorca.com\/english\/our-team\/ainafiolveny\/\"><h4>Aina Fiol Veny<\/h4><\/a><div class=\"day_time\"><span class=\"member-desination\">General Health Psychologist Collegiate N\u00ba B-02615<\/span><\/div><\/div><\/div><div class=\"ourteam_col \"><div class=\"ourteam_thumb\"><a href=\"https:\/\/psicologiainfantilmallorca.com\/english\/our-team\/monica\/\" title=\"M\u00f3nica Arca P\u00e9rez\"><img loading=\"lazy\" decoding=\"async\" width=\"193\" height=\"275\" src=\"https:\/\/psicologiainfantilmallorca.com\/english\/wp-content\/uploads\/2024\/02\/image0-scaled.jpeg\" class=\"attachment-270x275 size-270x275 wp-post-image\" alt=\"\" srcset=\"https:\/\/psicologiainfantilmallorca.com\/english\/wp-content\/uploads\/2024\/02\/image0-scaled.jpeg 1795w, https:\/\/psicologiainfantilmallorca.com\/english\/wp-content\/uploads\/2024\/02\/image0-210x300.jpeg 210w, https:\/\/psicologiainfantilmallorca.com\/english\/wp-content\/uploads\/2024\/02\/image0-718x1024.jpeg 718w, https:\/\/psicologiainfantilmallorca.com\/english\/wp-content\/uploads\/2024\/02\/image0-768x1095.jpeg 768w, https:\/\/psicologiainfantilmallorca.com\/english\/wp-content\/uploads\/2024\/02\/image0-1077x1536.jpeg 1077w, https:\/\/psicologiainfantilmallorca.com\/english\/wp-content\/uploads\/2024\/02\/image0-1436x2048.jpeg 1436w\" sizes=\"auto, (max-width: 193px) 100vw, 193px\" \/><\/a><\/div><div class=\"title_day_time\"><a href=\"https:\/\/psicologiainfantilmallorca.com\/english\/our-team\/monica\/\"><h4>M\u00f3nica Arca P\u00e9rez<\/h4><\/a><div class=\"day_time\"><span class=\"member-desination\">General Health Psychologist Collegiate N\u00ba B-02760<\/span><\/div><\/div><\/div><div class=\"ourteam_col  last\"><div class=\"ourteam_thumb\"><a href=\"https:\/\/psicologiainfantilmallorca.com\/english\/our-team\/arancha\/\" title=\"Arancha Lorente Galiano\"><img loading=\"lazy\" decoding=\"async\" width=\"270\" height=\"238\" src=\"https:\/\/psicologiainfantilmallorca.com\/english\/wp-content\/uploads\/2024\/05\/ARANCHA.jpg\" class=\"attachment-270x275 size-270x275 wp-post-image\" alt=\"\" srcset=\"https:\/\/psicologiainfantilmallorca.com\/english\/wp-content\/uploads\/2024\/05\/ARANCHA.jpg 2048w, https:\/\/psicologiainfantilmallorca.com\/english\/wp-content\/uploads\/2024\/05\/ARANCHA-300x265.jpg 300w, https:\/\/psicologiainfantilmallorca.com\/english\/wp-content\/uploads\/2024\/05\/ARANCHA-1024x904.jpg 1024w, https:\/\/psicologiainfantilmallorca.com\/english\/wp-content\/uploads\/2024\/05\/ARANCHA-768x678.jpg 768w, https:\/\/psicologiainfantilmallorca.com\/english\/wp-content\/uploads\/2024\/05\/ARANCHA-1536x1356.jpg 1536w\" sizes=\"auto, (max-width: 270px) 100vw, 270px\" \/><\/a><\/div><div class=\"title_day_time\"><a href=\"https:\/\/psicologiainfantilmallorca.com\/english\/our-team\/arancha\/\"><h4>Arancha Lorente Galiano<\/h4><\/a><div class=\"day_time\"><span class=\"member-desination\">General Health Psychologist Collegiate. N\u00ba  B-03674<\/span><\/div><\/div><\/div><div class=\"clear\"><\/div><div class=\"ourteam_col \"><div class=\"ourteam_thumb\"><a href=\"https:\/\/psicologiainfantilmallorca.com\/english\/our-team\/marta-costoya-muniz\/\" title=\"Marta Costoya Mu\u00f1iz\"><img loading=\"lazy\" decoding=\"async\" width=\"225\" height=\"275\" src=\"https:\/\/psicologiainfantilmallorca.com\/english\/wp-content\/uploads\/2025\/06\/psychologist-marta-costoya-b-03923.jpg\" class=\"attachment-270x275 size-270x275 wp-post-image\" alt=\"Psychologist Marta Costoya: Licensed N\u00ba B-03923\" srcset=\"https:\/\/psicologiainfantilmallorca.com\/english\/wp-content\/uploads\/2025\/06\/psychologist-marta-costoya-b-03923.jpg 300w, https:\/\/psicologiainfantilmallorca.com\/english\/wp-content\/uploads\/2025\/06\/psychologist-marta-costoya-b-03923-246x300.jpg 246w\" sizes=\"auto, (max-width: 225px) 100vw, 225px\" \/><\/a><\/div><div class=\"title_day_time\"><a href=\"https:\/\/psicologiainfantilmallorca.com\/english\/our-team\/marta-costoya-muniz\/\"><h4>Marta Costoya Mu\u00f1iz<\/h4><\/a><div class=\"day_time\"><span class=\"member-desination\">General Health Psychologist Licensed N\u00ba B-03923<\/span><\/div><\/div><\/div><\/div><\/div>\n<\/div><\/div>\n<\/div>\n<\/div>\n<\/div>\n<\/div>\n\n\n\n<p><\/p>\n","protected":false},"excerpt":{"rendered":"<p>Psicolog\u00eda Infanto-Juvenil Mallorca is the department of psychological care for children and adolescents belonging to the Instituto Psicolog\u00eda Infanto-Juvenil Mallorca. This department was created to respond to the needs of this population and build their psychological well-being from the earliest stages. At Psicolog\u00eda Infanto-Juvenil Mallorca we know that the family is the basic system on&#8230; <\/p>\n","protected":false},"author":1,"featured_media":3073,"parent":0,"menu_order":2,"comment_status":"closed","ping_status":"closed","template":"full-width.php","meta":{"_joinchat":[],"footnotes":""},"class_list":["post-19","page","type-page","status-publish","has-post-thumbnail","hentry"],"yoast_head":"<!-- This site is optimized with the Yoast SEO plugin v25.6 - https:\/\/yoast.com\/wordpress\/plugins\/seo\/ -->\n<title>Psicolog\u00eda General Sanitaria Infantil en Palma Mallorca, Psicolog\u00eda Educativa en Palma Mallorca,Duelos y p\u00e9rdidas en Palma Mallorca, Problemas de Adaptaci\u00f3n en Palma Mallorca, Trastornos del Desarrollo en Palma Mallorca, Trastornos de Conducta Alimentaria en Palma Mallorca, Terapia ONLINE en Palma Mallorca y Terapia en Ingl\u00e9s en Palma Mallorca<\/title>\n<meta name=\"description\" content=\"Psicolog\u00eda Infanto-Juvenil Mallorca es el departamento de atenci\u00f3n psicol\u00f3gica a la infancia y adolescencia Mallorca\" \/>\n<meta name=\"robots\" content=\"index, follow, max-snippet:-1, max-image-preview:large, max-video-preview:-1\" \/>\n<link rel=\"canonical\" href=\"https:\/\/psicologiainfantilmallorca.com\/english\/quienes-somos\/\" \/>\n<meta property=\"og:locale\" content=\"en_GB\" \/>\n<meta property=\"og:type\" content=\"article\" \/>\n<meta property=\"og:title\" content=\"Psicolog\u00eda General Sanitaria Infantil en Palma Mallorca, Psicolog\u00eda Educativa en Palma Mallorca,Duelos y p\u00e9rdidas en Palma Mallorca, Problemas de Adaptaci\u00f3n en Palma Mallorca, Trastornos del Desarrollo en Palma Mallorca, Trastornos de Conducta Alimentaria en Palma Mallorca, Terapia ONLINE en Palma Mallorca y Terapia en Ingl\u00e9s en Palma Mallorca\" \/>\n<meta property=\"og:description\" content=\"Psicolog\u00eda Infanto-Juvenil Mallorca es el departamento de atenci\u00f3n psicol\u00f3gica a la infancia y adolescencia Mallorca\" \/>\n<meta property=\"og:url\" content=\"https:\/\/psicologiainfantilmallorca.com\/english\/quienes-somos\/\" \/>\n<meta property=\"og:site_name\" content=\"PSICOLOGIA INFANTIL MALLORCA\" \/>\n<meta property=\"article:modified_time\" content=\"2024-11-12T08:19:39+00:00\" \/>\n<meta property=\"og:image\" content=\"https:\/\/psicologiainfantilmallorca.com\/english\/wp-content\/uploads\/2022\/10\/fondotauleta.png\" \/>\n\t<meta property=\"og:image:width\" content=\"1018\" \/>\n\t<meta property=\"og:image:height\" content=\"372\" \/>\n\t<meta property=\"og:image:type\" content=\"image\/png\" \/>\n<meta name=\"twitter:card\" content=\"summary_large_image\" \/>\n<meta name=\"twitter:label1\" content=\"Estimated reading time\" \/>\n\t<meta name=\"twitter:data1\" content=\"2 minutes\" \/>\n<script type=\"application\/ld+json\" class=\"yoast-schema-graph\">{\"@context\":\"https:\/\/schema.org\",\"@graph\":[{\"@type\":\"WebPage\",\"@id\":\"https:\/\/psicologiainfantilmallorca.com\/english\/quienes-somos\/\",\"url\":\"https:\/\/psicologiainfantilmallorca.com\/english\/quienes-somos\/\",\"name\":\"Psicolog\u00eda General Sanitaria Infantil en Palma Mallorca, Psicolog\u00eda Educativa en Palma Mallorca,Duelos y p\u00e9rdidas en Palma Mallorca, Problemas de Adaptaci\u00f3n en Palma Mallorca, Trastornos del Desarrollo en Palma Mallorca, Trastornos de Conducta Alimentaria en Palma Mallorca, Terapia ONLINE en Palma Mallorca y Terapia en Ingl\u00e9s en Palma Mallorca\",\"isPartOf\":{\"@id\":\"https:\/\/psicologiainfantilmallorca.com\/english\/#website\"},\"primaryImageOfPage\":{\"@id\":\"https:\/\/psicologiainfantilmallorca.com\/english\/quienes-somos\/#primaryimage\"},\"image\":{\"@id\":\"https:\/\/psicologiainfantilmallorca.com\/english\/quienes-somos\/#primaryimage\"},\"thumbnailUrl\":\"https:\/\/psicologiainfantilmallorca.com\/english\/wp-content\/uploads\/2022\/10\/fondotauleta.png\",\"datePublished\":\"2015-01-09T21:09:11+00:00\",\"dateModified\":\"2024-11-12T08:19:39+00:00\",\"description\":\"Psicolog\u00eda Infanto-Juvenil Mallorca es el departamento de atenci\u00f3n psicol\u00f3gica a la infancia y adolescencia Mallorca\",\"breadcrumb\":{\"@id\":\"https:\/\/psicologiainfantilmallorca.com\/english\/quienes-somos\/#breadcrumb\"},\"inLanguage\":\"en-GB\",\"potentialAction\":[{\"@type\":\"ReadAction\",\"target\":[\"https:\/\/psicologiainfantilmallorca.com\/english\/quienes-somos\/\"]}]},{\"@type\":\"ImageObject\",\"inLanguage\":\"en-GB\",\"@id\":\"https:\/\/psicologiainfantilmallorca.com\/english\/quienes-somos\/#primaryimage\",\"url\":\"https:\/\/psicologiainfantilmallorca.com\/english\/wp-content\/uploads\/2022\/10\/fondotauleta.png\",\"contentUrl\":\"https:\/\/psicologiainfantilmallorca.com\/english\/wp-content\/uploads\/2022\/10\/fondotauleta.png\",\"width\":1018,\"height\":372},{\"@type\":\"BreadcrumbList\",\"@id\":\"https:\/\/psicologiainfantilmallorca.com\/english\/quienes-somos\/#breadcrumb\",\"itemListElement\":[{\"@type\":\"ListItem\",\"position\":1,\"name\":\"Portada\",\"item\":\"https:\/\/psicologiainfantilmallorca.com\/english\/\"},{\"@type\":\"ListItem\",\"position\":2,\"name\":\"About us\"}]},{\"@type\":\"WebSite\",\"@id\":\"https:\/\/psicologiainfantilmallorca.com\/english\/#website\",\"url\":\"https:\/\/psicologiainfantilmallorca.com\/english\/\",\"name\":\"PSICOLOGIA INFANTIL MALLORCA\",\"description\":\"psicologiainfantilmallorca.com\/english\",\"publisher\":{\"@id\":\"https:\/\/psicologiainfantilmallorca.com\/english\/#organization\"},\"potentialAction\":[{\"@type\":\"SearchAction\",\"target\":{\"@type\":\"EntryPoint\",\"urlTemplate\":\"https:\/\/psicologiainfantilmallorca.com\/english\/?s={search_term_string}\"},\"query-input\":{\"@type\":\"PropertyValueSpecification\",\"valueRequired\":true,\"valueName\":\"search_term_string\"}}],\"inLanguage\":\"en-GB\"},{\"@type\":\"Organization\",\"@id\":\"https:\/\/psicologiainfantilmallorca.com\/english\/#organization\",\"name\":\"Psicolog\u00eda Infantil Mallorca\",\"url\":\"https:\/\/psicologiainfantilmallorca.com\/english\/\",\"logo\":{\"@type\":\"ImageObject\",\"inLanguage\":\"en-GB\",\"@id\":\"https:\/\/psicologiainfantilmallorca.com\/english\/#\/schema\/logo\/image\/\",\"url\":\"https:\/\/psicologiainfantilmallorca.com\/english\/wp-content\/uploads\/2022\/09\/juvenil.png\",\"contentUrl\":\"https:\/\/psicologiainfantilmallorca.com\/english\/wp-content\/uploads\/2022\/09\/juvenil.png\",\"width\":889,\"height\":439,\"caption\":\"Psicolog\u00eda Infantil Mallorca\"},\"image\":{\"@id\":\"https:\/\/psicologiainfantilmallorca.com\/english\/#\/schema\/logo\/image\/\"}}]}<\/script>\n<!-- \/ Yoast SEO plugin. -->","yoast_head_json":{"title":"Psicolog\u00eda General Sanitaria Infantil en Palma Mallorca, Psicolog\u00eda Educativa en Palma Mallorca,Duelos y p\u00e9rdidas en Palma Mallorca, Problemas de Adaptaci\u00f3n en Palma Mallorca, Trastornos del Desarrollo en Palma Mallorca, Trastornos de Conducta Alimentaria en Palma Mallorca, Terapia ONLINE en Palma Mallorca y Terapia en Ingl\u00e9s en Palma Mallorca","description":"Psicolog\u00eda Infanto-Juvenil Mallorca es el departamento de atenci\u00f3n psicol\u00f3gica a la infancia y adolescencia Mallorca","robots":{"index":"index","follow":"follow","max-snippet":"max-snippet:-1","max-image-preview":"max-image-preview:large","max-video-preview":"max-video-preview:-1"},"canonical":"https:\/\/psicologiainfantilmallorca.com\/english\/quienes-somos\/","og_locale":"en_GB","og_type":"article","og_title":"Psicolog\u00eda General Sanitaria Infantil en Palma Mallorca, Psicolog\u00eda Educativa en Palma Mallorca,Duelos y p\u00e9rdidas en Palma Mallorca, Problemas de Adaptaci\u00f3n en Palma Mallorca, Trastornos del Desarrollo en Palma Mallorca, Trastornos de Conducta Alimentaria en Palma Mallorca, Terapia ONLINE en Palma Mallorca y Terapia en Ingl\u00e9s en Palma Mallorca","og_description":"Psicolog\u00eda Infanto-Juvenil Mallorca es el departamento de atenci\u00f3n psicol\u00f3gica a la infancia y adolescencia Mallorca","og_url":"https:\/\/psicologiainfantilmallorca.com\/english\/quienes-somos\/","og_site_name":"PSICOLOGIA INFANTIL MALLORCA","article_modified_time":"2024-11-12T08:19:39+00:00","og_image":[{"width":1018,"height":372,"url":"https:\/\/psicologiainfantilmallorca.com\/english\/wp-content\/uploads\/2022\/10\/fondotauleta.png","type":"image\/png"}],"twitter_card":"summary_large_image","twitter_misc":{"Estimated reading time":"2 minutes"},"schema":{"@context":"https:\/\/schema.org","@graph":[{"@type":"WebPage","@id":"https:\/\/psicologiainfantilmallorca.com\/english\/quienes-somos\/","url":"https:\/\/psicologiainfantilmallorca.com\/english\/quienes-somos\/","name":"Psicolog\u00eda General Sanitaria Infantil en Palma Mallorca, Psicolog\u00eda Educativa en Palma Mallorca,Duelos y p\u00e9rdidas en Palma Mallorca, Problemas de Adaptaci\u00f3n en Palma Mallorca, Trastornos del Desarrollo en Palma Mallorca, Trastornos de Conducta Alimentaria en Palma Mallorca, Terapia ONLINE en Palma Mallorca y Terapia en Ingl\u00e9s en Palma Mallorca","isPartOf":{"@id":"https:\/\/psicologiainfantilmallorca.com\/english\/#website"},"primaryImageOfPage":{"@id":"https:\/\/psicologiainfantilmallorca.com\/english\/quienes-somos\/#primaryimage"},"image":{"@id":"https:\/\/psicologiainfantilmallorca.com\/english\/quienes-somos\/#primaryimage"},"thumbnailUrl":"https:\/\/psicologiainfantilmallorca.com\/english\/wp-content\/uploads\/2022\/10\/fondotauleta.png","datePublished":"2015-01-09T21:09:11+00:00","dateModified":"2024-11-12T08:19:39+00:00","description":"Psicolog\u00eda Infanto-Juvenil Mallorca es el departamento de atenci\u00f3n psicol\u00f3gica a la infancia y adolescencia Mallorca","breadcrumb":{"@id":"https:\/\/psicologiainfantilmallorca.com\/english\/quienes-somos\/#breadcrumb"},"inLanguage":"en-GB","potentialAction":[{"@type":"ReadAction","target":["https:\/\/psicologiainfantilmallorca.com\/english\/quienes-somos\/"]}]},{"@type":"ImageObject","inLanguage":"en-GB","@id":"https:\/\/psicologiainfantilmallorca.com\/english\/quienes-somos\/#primaryimage","url":"https:\/\/psicologiainfantilmallorca.com\/english\/wp-content\/uploads\/2022\/10\/fondotauleta.png","contentUrl":"https:\/\/psicologiainfantilmallorca.com\/english\/wp-content\/uploads\/2022\/10\/fondotauleta.png","width":1018,"height":372},{"@type":"BreadcrumbList","@id":"https:\/\/psicologiainfantilmallorca.com\/english\/quienes-somos\/#breadcrumb","itemListElement":[{"@type":"ListItem","position":1,"name":"Portada","item":"https:\/\/psicologiainfantilmallorca.com\/english\/"},{"@type":"ListItem","position":2,"name":"About us"}]},{"@type":"WebSite","@id":"https:\/\/psicologiainfantilmallorca.com\/english\/#website","url":"https:\/\/psicologiainfantilmallorca.com\/english\/","name":"PSICOLOGIA INFANTIL MALLORCA","description":"psicologiainfantilmallorca.com\/english","publisher":{"@id":"https:\/\/psicologiainfantilmallorca.com\/english\/#organization"},"potentialAction":[{"@type":"SearchAction","target":{"@type":"EntryPoint","urlTemplate":"https:\/\/psicologiainfantilmallorca.com\/english\/?s={search_term_string}"},"query-input":{"@type":"PropertyValueSpecification","valueRequired":true,"valueName":"search_term_string"}}],"inLanguage":"en-GB"},{"@type":"Organization","@id":"https:\/\/psicologiainfantilmallorca.com\/english\/#organization","name":"Psicolog\u00eda Infantil Mallorca","url":"https:\/\/psicologiainfantilmallorca.com\/english\/","logo":{"@type":"ImageObject","inLanguage":"en-GB","@id":"https:\/\/psicologiainfantilmallorca.com\/english\/#\/schema\/logo\/image\/","url":"https:\/\/psicologiainfantilmallorca.com\/english\/wp-content\/uploads\/2022\/09\/juvenil.png","contentUrl":"https:\/\/psicologiainfantilmallorca.com\/english\/wp-content\/uploads\/2022\/09\/juvenil.png","width":889,"height":439,"caption":"Psicolog\u00eda Infantil Mallorca"},"image":{"@id":"https:\/\/psicologiainfantilmallorca.com\/english\/#\/schema\/logo\/image\/"}}]}},"_links":{"self":[{"href":"https:\/\/psicologiainfantilmallorca.com\/english\/wp-json\/wp\/v2\/pages\/19","targetHints":{"allow":["GET"]}}],"collection":[{"href":"https:\/\/psicologiainfantilmallorca.com\/english\/wp-json\/wp\/v2\/pages"}],"about":[{"href":"https:\/\/psicologiainfantilmallorca.com\/english\/wp-json\/wp\/v2\/types\/page"}],"author":[{"embeddable":true,"href":"https:\/\/psicologiainfantilmallorca.com\/english\/wp-json\/wp\/v2\/users\/1"}],"replies":[{"embeddable":true,"href":"https:\/\/psicologiainfantilmallorca.com\/english\/wp-json\/wp\/v2\/comments?post=19"}],"version-history":[{"count":189,"href":"https:\/\/psicologiainfantilmallorca.com\/english\/wp-json\/wp\/v2\/pages\/19\/revisions"}],"predecessor-version":[{"id":3315,"href":"https:\/\/psicologiainfantilmallorca.com\/english\/wp-json\/wp\/v2\/pages\/19\/revisions\/3315"}],"wp:featuredmedia":[{"embeddable":true,"href":"https:\/\/psicologiainfantilmallorca.com\/english\/wp-json\/wp\/v2\/media\/3073"}],"wp:attachment":[{"href":"https:\/\/psicologiainfantilmallorca.com\/english\/wp-json\/wp\/v2\/media?parent=19"}],"curies":[{"name":"wp","href":"https:\/\/api.w.org\/{rel}","templated":true}]}}